{"id":30,"date":"2018-11-08T17:49:13","date_gmt":"2018-11-08T17:49:13","guid":{"rendered":"http:\/\/www.mielikuva.org\/fi\/?page_id=30"},"modified":"2021-06-06T16:20:15","modified_gmt":"2021-06-06T16:20:15","slug":"tapahtumia","status":"publish","type":"page","link":"https:\/\/www.mielikuva.org\/fi\/tapahtumia\/","title":{"rendered":"Tapahtumia"},"content":{"rendered":"<p>16.6.2021 klo 18.30-20.30 Kuvausilta R\u00e4ik\u00e4n puistossa<\/p>\n<p>8.1.2020 klo 19-21 Tammikuun j\u00e4senilta: Peurailta, alustajana Kata Sivunen<\/p>\n<p>14.11.2019 klo 19-21 Marraskuun j\u00e4senilta: Vieraana H\u00e4meenkyr\u00f6n kameraseuralaisia<\/p>\n<p>2.10.2019 klo 19-21 Lokakuun j\u00e4senilta: Harri Luojus esittelee luontokuviaan<\/p>\n<p>4.9.2019 klo 19-21 Syyskuun j\u00e4senilta: Seppo Lahtinen esittelee luonto- ja muotokuviaan<\/p>\n<p>14.8.2019 klo 18:30-20:30 Kes\u00e4inen kuvausilta Yl\u00f6j\u00e4rvell\u00e4<\/p>\n<p>12.6.-28.6.2019 <a href=\"https:\/\/photoclubvision.fi\/exhibition\/3rd-vision-exhibition\/welcome-to-the-exhibition\/\">3rd International Digital Exhibition Vision 2019<\/a> -n\u00e4yttelyn nonstop-esitys Leijassa<\/p>\n<p><a href=\"http:\/\/www.mielikuva.org\/fi\/wp-content\/uploads\/2019\/06\/3rdVision_poster.jpg\"><img loading=\"lazy\" decoding=\"async\" class=\"alignnone size-large wp-image-211\" src=\"http:\/\/www.mielikuva.org\/fi\/wp-content\/uploads\/2019\/06\/3rdVision_poster-697x1024.jpg\" alt=\"\" width=\"697\" height=\"1024\" srcset=\"https:\/\/www.mielikuva.org\/fi\/wp-content\/uploads\/2019\/06\/3rdVision_poster-697x1024.jpg 697w, https:\/\/www.mielikuva.org\/fi\/wp-content\/uploads\/2019\/06\/3rdVision_poster-204x300.jpg 204w, https:\/\/www.mielikuva.org\/fi\/wp-content\/uploads\/2019\/06\/3rdVision_poster-768x1128.jpg 768w, https:\/\/www.mielikuva.org\/fi\/wp-content\/uploads\/2019\/06\/3rdVision_poster.jpg 1394w\" sizes=\"auto, (max-width: 697px) 100vw, 697px\" \/><\/a><\/p>\n<p>12.6.2019 klo 18-20 Kansainv\u00e4lisen 3rd International Digital Exhibition Vision 2019 -n\u00e4yttelyn avajaiset Leijassa<\/p>\n<p>4.6.-28.6.2019 <a href=\"http:\/\/www.mielikuva.org\/fi\/tapahtumat\/vuodenajat-nayttely\/\">Vuodenajat-n\u00e4yttely Leijassa<\/a><\/p>\n<p>10.4.2019 klo 19-21 j\u00e4senilta Koulutuskeskus Valossa, luokka B1058 Terva<\/p>\n<p><a href=\"http:\/\/www.mielikuva.org\/fi\/wp-content\/uploads\/2019\/01\/Ylojarvi-nayttely_2019_1.jpg\"><img loading=\"lazy\" decoding=\"async\" class=\"alignnone wp-image-164 size-large\" src=\"http:\/\/www.mielikuva.org\/fi\/wp-content\/uploads\/2019\/01\/Ylojarvi-nayttely_2019_1-1024x762.jpg\" alt=\"\" width=\"825\" height=\"614\" srcset=\"https:\/\/www.mielikuva.org\/fi\/wp-content\/uploads\/2019\/01\/Ylojarvi-nayttely_2019_1-1024x762.jpg 1024w, https:\/\/www.mielikuva.org\/fi\/wp-content\/uploads\/2019\/01\/Ylojarvi-nayttely_2019_1-300x223.jpg 300w, https:\/\/www.mielikuva.org\/fi\/wp-content\/uploads\/2019\/01\/Ylojarvi-nayttely_2019_1-768x572.jpg 768w, https:\/\/www.mielikuva.org\/fi\/wp-content\/uploads\/2019\/01\/Ylojarvi-nayttely_2019_1.jpg 2048w\" sizes=\"auto, (max-width: 825px) 100vw, 825px\" \/><\/a><\/p>\n<p>21.1.-9.2.2019 <a href=\"http:\/\/www.mielikuva.org\/fi\/tapahtumat\/ylojarvi-kuvia-leijassa-2019\/\">Yl\u00f6j\u00e4rvi-aiheinen n\u00e4yttely Leijassa<\/a><\/p>\n<p><a href=\"http:\/\/www.mielikuva.org\/fi\/wp-content\/uploads\/2018\/11\/Christmas-party.jpg\"><img loading=\"lazy\" decoding=\"async\" class=\"alignnone wp-image-42 size-large\" src=\"http:\/\/www.mielikuva.org\/fi\/wp-content\/uploads\/2018\/11\/Christmas-party-1024x769.jpg\" alt=\"\" width=\"825\" height=\"620\" srcset=\"https:\/\/www.mielikuva.org\/fi\/wp-content\/uploads\/2018\/11\/Christmas-party-1024x769.jpg 1024w, https:\/\/www.mielikuva.org\/fi\/wp-content\/uploads\/2018\/11\/Christmas-party-300x225.jpg 300w, https:\/\/www.mielikuva.org\/fi\/wp-content\/uploads\/2018\/11\/Christmas-party-768x577.jpg 768w, https:\/\/www.mielikuva.org\/fi\/wp-content\/uploads\/2018\/11\/Christmas-party.jpg 1438w\" sizes=\"auto, (max-width: 825px) 100vw, 825px\" \/><\/a><\/p>\n<p>7.12.2018 klo 19:00 <a href=\"http:\/\/www.mielikuva.org\/fi\/tapahtumat\/pikkujoulut-tulossa\/\">Pikkujoulu<\/a><\/p>\n","protected":false},"excerpt":{"rendered":"<p>16.6.2021 klo 18.30-20.30 Kuvausilta R\u00e4ik\u00e4n puistossa 8.1.2020 klo 19-21 Tammikuun j\u00e4senilta: Peurailta, alustajana Kata Sivunen 14.11.2019 klo 19-21 Marraskuun j\u00e4senilta: Vieraana H\u00e4meenkyr\u00f6n kameraseuralaisia 2.10.2019 klo 19-21 Lokakuun j\u00e4senilta: Harri Luojus esittelee luontokuviaan 4.9.2019 klo 19-21 Syyskuun j\u00e4senilta: Seppo Lahtinen esittelee luonto- ja muotokuviaan 14.8.2019 klo 18:30-20:30 Kes\u00e4inen kuvausilta Yl\u00f6j\u00e4rvell\u00e4 12.6.-28.6.2019 3rd International Digital Exhibition Vision&hellip; <a href=\"https:\/\/www.mielikuva.org\/fi\/tapahtumia\/\" class=\"more-link\">Jatka lukemista <span class=\"screen-reader-text\">Tapahtumia<\/span><\/a><\/p>\n","protected":false},"author":1,"featured_media":0,"parent":0,"menu_order":0,"comment_status":"closed","ping_status":"closed","template":"","meta":{"jetpack_post_was_ever_published":false,"footnotes":""},"tags":[],"class_list":["post-30","page","type-page","status-publish","hentry","without-featured-image"],"jetpack_sharing_enabled":true,"jetpack_shortlink":"https:\/\/wp.me\/PauhWd-u","_links":{"self":[{"href":"https:\/\/www.mielikuva.org\/fi\/wp-json\/wp\/v2\/pages\/30","targetHints":{"allow":["GET"]}}],"collection":[{"href":"https:\/\/www.mielikuva.org\/fi\/wp-json\/wp\/v2\/pages"}],"about":[{"href":"https:\/\/www.mielikuva.org\/fi\/wp-json\/wp\/v2\/types\/page"}],"author":[{"embeddable":true,"href":"https:\/\/www.mielikuva.org\/fi\/wp-json\/wp\/v2\/users\/1"}],"replies":[{"embeddable":true,"href":"https:\/\/www.mielikuva.org\/fi\/wp-json\/wp\/v2\/comments?post=30"}],"version-history":[{"count":19,"href":"https:\/\/www.mielikuva.org\/fi\/wp-json\/wp\/v2\/pages\/30\/revisions"}],"predecessor-version":[{"id":397,"href":"https:\/\/www.mielikuva.org\/fi\/wp-json\/wp\/v2\/pages\/30\/revisions\/397"}],"wp:attachment":[{"href":"https:\/\/www.mielikuva.org\/fi\/wp-json\/wp\/v2\/media?parent=30"}],"wp:term":[{"taxonomy":"post_tag","embeddable":true,"href":"https:\/\/www.mielikuva.org\/fi\/wp-json\/wp\/v2\/tags?post=30"}],"curies":[{"name":"wp","href":"https:\/\/api.w.org\/{rel}","templated":true}]}}