{"id":11,"date":"2018-11-08T17:30:30","date_gmt":"2018-11-08T17:30:30","guid":{"rendered":"http:\/\/www.mielikuva.org\/fi\/?page_id=11"},"modified":"2026-02-25T20:10:05","modified_gmt":"2026-02-25T20:10:05","slug":"info","status":"publish","type":"page","link":"https:\/\/www.mielikuva.org\/fi\/info\/","title":{"rendered":"Info"},"content":{"rendered":"\n<p class=\"Wp-Body-P\"><span class=\"Body-C\">Seuran s\u00e4hk\u00f6postiosoite:&nbsp;<\/span><em><span class=\"Body-C-C0\">kameraseura.mielikuva (at) sksl.fi<\/span><\/em><\/p>\n\n\n\n<p class=\"Wp-Body-P\"><span class=\"Body-C\">Rekisterinumero: 198.951<\/span><\/p>\n\n\n\n<p class=\"Wp-Body-P\"><span class=\"Body-C\">Puheenjohtaja:<\/span> <span class=\"Body-C\">Ilkka Valkila &nbsp;<\/span><em><span class=\"Indented-C-C0\">ilkka.valkila (at) kolumbus.fi<\/span><\/em><\/p>\n\n\n\n<p class=\"Wp-Body-P\"><span class=\"Body-C\">Varapuheenjohtaja:<\/span> <span class=\"Body-C\">Tiina Erholtz&nbsp; <\/span><em><span class=\"Indented-C-C0\">tiinastiina (at) gmail.com<\/span><\/em><\/p>\n\n\n\n<p class=\"Wp-Body-P\"><span class=\"Body-C\">Sihteeri:<\/span> <span class=\"Body-C\">Tuire Jalaskoski <em>&nbsp;<\/em><\/span><em><span class=\"Indented-C-C0\">tuirejalaskoski (at) gmail.com<\/span><\/em><\/p>\n\n\n\n<p class=\"Wp-Body-P\"><span class=\"Body-C\">Rahastonhoitaja:<\/span> <span class=\"Body-C\">Marjatta Turkia&nbsp; <em>marjatta.turkia (at) elisanet.fi<\/em><\/span><\/p>\n\n\n\n<p class=\"Wp-Body-P\"><span class=\"Body-C\">Muut hallituksen j\u00e4senet:<\/span> <span class=\"Body-C\">Sanna Hillberg, Tapani Jyr\u00e4, Satu Lepom\u00e4ki, Hannele Salonen<\/span><\/p>\n\n\n\n<p class=\"Wp-Body-P\"><span class=\"Body-C\">Tiedotusvastaavat:<\/span> <span class=\"Body-C\">Ilkka Valkila, Tuire Jalaskoski, Sanna Hillberg, Satu Lepom\u00e4ki<\/span><\/p>\n\n\n\n<p class=\"Wp-Body-P\"><span class=\"Body-C\">Ty\u00f6ryhm\u00e4t:<\/span><\/p>\n\n\n\n<ul class=\"wp-block-list Bullet-List-P\">\n<li><span class=\"Bullet-List-C\">paikallinen n\u00e4yttelytoiminta: Marjatta Turkia [<\/span><em><span class=\"Bullet-List-C-C0\">marjatta.turkia (at) elisanet.fi<\/span><\/em><span class=\"Bullet-List-C\">], Tuire Jalaskoski, Veijo Rio, Tapani Jyr\u00e4, Kaija Valkama, Jari Vuolle, Harri Luojus<\/span><\/li>\n\n\n\n<li><span class=\"Bullet-List-C\">retkity\u00f6ryhm\u00e4: <span class=\"Indented-C\">Sanna Hillberg<\/span>, Tuire Jalaskoski, Jari Vuolle, Hannele Salonen, Veijo Rio<\/span>, Tiina Erholtz<\/li>\n\n\n\n<li>miittity\u00f6ryhm\u00e4: Satu Lepom\u00e4ki&nbsp;<span class=\"Bullet-List-C\">[<\/span><em><span class=\"Bullet-List-C-C0\">satu.lepomaki (at) gmail.com<\/span><\/em><span class=\"Bullet-List-C\">], Laura Pehkonen, Tuula Hautam\u00e4ki<\/span><\/li>\n\n\n\n<li><span class=\"Bullet-List-C\">kansainv\u00e4linen toiminta: Ilkka Valkila, Leena-Maija Lindqvist, Pertti Ylinen, Simo J\u00e4rvinen<\/span><\/li>\n\n\n\n<li><span class=\"Bullet-List-C\">koulutusty\u00f6ryhm\u00e4: Ilkka Valkila, Simo J\u00e4rvinen, Pertti Ylinen<\/span>, Hannele Salonen, Tiina Erholtz<\/li>\n\n\n\n<li>studio: Ilkka Valkila, Pertti Ylinen<\/li>\n<\/ul>\n\n\n\n<p><a href=\"https:\/\/www.mielikuva.org\/Mielikuva\/Info_files\/Mielikuva_saannot.pdf\">S\u00e4\u00e4nn\u00f6t<\/a> (PDF)<\/p>\n\n\n\n<p><a href=\"https:\/\/www.mielikuva.org\/fi\/rekisteriseloste2021.pdf\">Rekisteriseloste<\/a> (PDF)<\/p>\n\n\n\n<p><a href=\"https:\/\/atom.flomembers.com\/kameraseura-mielikuva\/members\/application?_lang=fi\">Liittymislomake uusille j\u00e4senille<\/a><\/p>\n\n\n\n<p><a href=\"https:\/\/flomembers.com\/kameraseura-mielikuva\">Kirjautuminen j\u00e4senrekisteriin<\/a><\/p>\n","protected":false},"excerpt":{"rendered":"<p>Seuran s\u00e4hk\u00f6postiosoite:&nbsp;kameraseura.mielikuva (at) sksl.fi Rekisterinumero: 198.951 Puheenjohtaja: Ilkka Valkila &nbsp;ilkka.valkila (at) kolumbus.fi Varapuheenjohtaja: Tiina Erholtz&nbsp; tiinastiina (at) gmail.com Sihteeri: Tuire Jalaskoski &nbsp;tuirejalaskoski (at) gmail.com Rahastonhoitaja: Marjatta Turkia&nbsp; marjatta.turkia (at) elisanet.fi Muut hallituksen j\u00e4senet: Sanna Hillberg, Tapani Jyr\u00e4, Satu Lepom\u00e4ki, Hannele Salonen Tiedotusvastaavat: Ilkka Valkila, Tuire Jalaskoski, Sanna Hillberg, Satu Lepom\u00e4ki Ty\u00f6ryhm\u00e4t: S\u00e4\u00e4nn\u00f6t (PDF) Rekisteriseloste (PDF)&hellip; <a href=\"https:\/\/www.mielikuva.org\/fi\/info\/\" class=\"more-link\">Jatka lukemista <span class=\"screen-reader-text\">Info<\/span><\/a><\/p>\n","protected":false},"author":1,"featured_media":0,"parent":0,"menu_order":0,"comment_status":"closed","ping_status":"closed","template":"","meta":{"jetpack_post_was_ever_published":false,"footnotes":""},"tags":[],"class_list":["post-11","page","type-page","status-publish","hentry","without-featured-image"],"jetpack_sharing_enabled":true,"jetpack_shortlink":"https:\/\/wp.me\/PauhWd-b","_links":{"self":[{"href":"https:\/\/www.mielikuva.org\/fi\/wp-json\/wp\/v2\/pages\/11","targetHints":{"allow":["GET"]}}],"collection":[{"href":"https:\/\/www.mielikuva.org\/fi\/wp-json\/wp\/v2\/pages"}],"about":[{"href":"https:\/\/www.mielikuva.org\/fi\/wp-json\/wp\/v2\/types\/page"}],"author":[{"embeddable":true,"href":"https:\/\/www.mielikuva.org\/fi\/wp-json\/wp\/v2\/users\/1"}],"replies":[{"embeddable":true,"href":"https:\/\/www.mielikuva.org\/fi\/wp-json\/wp\/v2\/comments?post=11"}],"version-history":[{"count":11,"href":"https:\/\/www.mielikuva.org\/fi\/wp-json\/wp\/v2\/pages\/11\/revisions"}],"predecessor-version":[{"id":575,"href":"https:\/\/www.mielikuva.org\/fi\/wp-json\/wp\/v2\/pages\/11\/revisions\/575"}],"wp:attachment":[{"href":"https:\/\/www.mielikuva.org\/fi\/wp-json\/wp\/v2\/media?parent=11"}],"wp:term":[{"taxonomy":"post_tag","embeddable":true,"href":"https:\/\/www.mielikuva.org\/fi\/wp-json\/wp\/v2\/tags?post=11"}],"curies":[{"name":"wp","href":"https:\/\/api.w.org\/{rel}","templated":true}]}}